{"id":61,"date":"2021-02-17T16:12:44","date_gmt":"2021-02-17T15:12:44","guid":{"rendered":"http:\/\/lepalanhardi.fr\/?page_id=61"},"modified":"2021-03-04T13:30:02","modified_gmt":"2021-03-04T12:30:02","slug":"champs-dintervention","status":"publish","type":"page","link":"https:\/\/lepalanhardi.fr\/index.php\/champs-dintervention\/","title":{"rendered":"Champs d&rsquo;intervention"},"content":{"rendered":"\n<h2 class=\"wp-block-heading\"><strong><span style=\"color:#110085;\">Accompagner les organisations dans leurs dynamiques collectives<\/span><\/strong><\/h2>\n\n\n\n<p>Nous accompagnons les organisations sur l&rsquo;ensemble des \u00e9tapes de leur existence : \n<br>&#8211; cr\u00e9ation\n<br>&#8211; structuration\n<br>&#8211; r\u00e9organisation\n<br>&#8211; autres besoins th\u00e9matiques<\/p>\n\n\n\n<p>Nos accompagnements peuvent se d\u00e9rouler \u00e0 + ou &#8211; long terme, selon les besoins de la structure (quelques jours, quelques mois&#8230;ou plus)<\/p>\n\n\n\n<h2 class=\"wp-block-heading\"><strong><span style=\"color:#110085;\">Animer et faciliter r\u00e9unions ou assembl\u00e9es<\/span><\/strong><\/h2>\n\n\n\n<p>Nous pouvons r\u00e9aliser l&rsquo;animation ou la facilitation de temps importants pour les organisations : \n<br>&#8211; r\u00e9unions\n<br>&#8211; groupes de travail\n<br>&#8211; d\u00e9bats\n<br>&#8211; assembl\u00e9es\n<br>&#8211; forums\n<br>&#8211; tables rondes\n<br>-&#8230;\n<br>Nous savons qu&rsquo;il est parfois b\u00e9n\u00e9fique de pouvoir faire appel \u00e0 un tiers de fa\u00e7on ponctuelle ou r\u00e9guli\u00e8re sur l&rsquo;organisation de temps collectifs. Nous pouvons travailler sur de tr\u00e8s petits groupes comme sur de tr\u00e8s grands. Pour les tr\u00e8s grands groupes, nous faisons appel \u00e0 nos r\u00e9seaux professionnels de facilitateurs et facilitatrices et composons des \u00e9quipes adapt\u00e9es au besoin. <\/p>\n\n\n\n<h2 class=\"wp-block-heading\"><strong><span style=\"color:#110085;\">Animer des ateliers de sensibilisation g\u00e9n\u00e9raux ou th\u00e9matiques<\/span><\/strong><\/h2>\n\n\n\n<p>Nous pouvons :\n<br>&#8211; construire des interventions sous la forme d&rsquo;ateliers de sensibilisation\n<br>&#8211; contribuer \u00e0 des ateliers de sensibilisation pens\u00e9s par d&rsquo;autres et y mettre notre grain de sel\n<br><br>Nous agissons sur \n<br>&#8211; des domaines g\u00e9n\u00e9raux en lien avec le faire-ensemble et toute d\u00e9clinaison th\u00e9matique (participation, postures, prises de d\u00e9cision&#8230;)\n<br>&#8211; ou bien sur des th\u00e9matiques diverses nous tenant \u00e0 coeur : justice, \u00e9ducation, comp\u00e9tition, rapport femme\/homme&#8230;<br>\n\n<br> Dans ce cadre, nous mobilisons diff\u00e9rents outils et parmi eux, le th\u00e9\u00e2tre forum.<\/p>\n\n\n\n<h2 class=\"wp-block-heading\"><strong><span style=\"color:#110085;\">Animer des m\u00e9diations interpersonnelles et intergroupes<\/span><\/strong><\/h2>\n\n\n\n<p>Nous intervenons sur des besoins de m\u00e9diations au sein d&rsquo;un groupe ou entre groupes comme tiers.\n<br><br>Nous adaptons nos m\u00e9thodes, inspir\u00e9es notamment des d\u00e9marches de Communication Non-Violente ou du Th\u00e9\u00e2tre Forum, aux enjeux des groupes et des humains avec lesquels nous agissons.<\/p>\n\n\n\n<h2 class=\"wp-block-heading\"><strong><span style=\"color:#110085;\">Concevoir et animer des formations<\/span><\/strong><\/h2>\n\n\n\n<p>Nous concevons des modules de formations adapt\u00e9s aux besoins et publics des organisations (principes g\u00e9n\u00e9raux, outilllage&#8230;). <br>\n<br>Nous structurons \u00e9galement des modules courts th\u00e9matiques \u00e0 destination des individus qui souhaitent faire \u00e9voluer leurs pratiques collectives. <br><br>Nous privil\u00e9gions des formats exp\u00e9rientiels.<\/p>\n","protected":false},"excerpt":{"rendered":"<p>Accompagner les organisations dans leurs dynamiques collectives Nous accompagnons les organisations sur l&rsquo;ensemble des \u00e9tapes de leur existence : &#8211; cr\u00e9ation &#8211; structuration &#8211; r\u00e9organisation &#8211; autres besoins th\u00e9matiques Nos accompagnements peuvent se d\u00e9rouler \u00e0 + ou &#8211; long terme, selon les besoins de la structure (quelques jours, quelques mois&#8230;ou plus) Animer et faciliter r\u00e9unions &hellip; <\/p>\n<p class=\"link-more\"><a href=\"https:\/\/lepalanhardi.fr\/index.php\/champs-dintervention\/\" class=\"more-link\">Continuer la lecture<span class=\"screen-reader-text\"> de &laquo;&nbsp;Champs d&rsquo;intervention&nbsp;&raquo;<\/span><\/a><\/p>\n","protected":false},"author":1,"featured_media":0,"parent":0,"menu_order":0,"comment_status":"closed","ping_status":"closed","template":"","meta":{"footnotes":""},"class_list":["post-61","page","type-page","status-publish","hentry"],"_links":{"self":[{"href":"https:\/\/lepalanhardi.fr\/index.php\/wp-json\/wp\/v2\/pages\/61","targetHints":{"allow":["GET"]}}],"collection":[{"href":"https:\/\/lepalanhardi.fr\/index.php\/wp-json\/wp\/v2\/pages"}],"about":[{"href":"https:\/\/lepalanhardi.fr\/index.php\/wp-json\/wp\/v2\/types\/page"}],"author":[{"embeddable":true,"href":"https:\/\/lepalanhardi.fr\/index.php\/wp-json\/wp\/v2\/users\/1"}],"replies":[{"embeddable":true,"href":"https:\/\/lepalanhardi.fr\/index.php\/wp-json\/wp\/v2\/comments?post=61"}],"version-history":[{"count":13,"href":"https:\/\/lepalanhardi.fr\/index.php\/wp-json\/wp\/v2\/pages\/61\/revisions"}],"predecessor-version":[{"id":185,"href":"https:\/\/lepalanhardi.fr\/index.php\/wp-json\/wp\/v2\/pages\/61\/revisions\/185"}],"wp:attachment":[{"href":"https:\/\/lepalanhardi.fr\/index.php\/wp-json\/wp\/v2\/media?parent=61"}],"curies":[{"name":"wp","href":"https:\/\/api.w.org\/{rel}","templated":true}]}}